{"id":820,"date":"2023-12-14T10:34:23","date_gmt":"2023-12-14T09:34:23","guid":{"rendered":"https:\/\/prawdajestciekawa.pl\/?page_id=820"},"modified":"2023-12-14T10:34:23","modified_gmt":"2023-12-14T09:34:23","slug":"prawda-jest-ciekawa-nr-25-311","status":"publish","type":"page","link":"https:\/\/prawdajestciekawa.pl\/?page_id=820","title":{"rendered":"Prawda jest ciekawa nr 25 (311)"},"content":{"rendered":"<ul class=\"wp-block-latest-posts__list has-dates has-author alignwide wp-block-latest-posts\"><li><div class=\"wp-block-latest-posts__featured-image\"><img loading=\"lazy\" decoding=\"async\" width=\"750\" height=\"824\" src=\"https:\/\/prawdajestciekawa.pl\/wp-content\/uploads\/2024\/01\/G.Gorczyca_1-932x1024.jpg\" class=\"attachment-large size-large wp-post-image\" alt=\"\" style=\"width:100%;height:109.83%;max-width:1536px;\" srcset=\"https:\/\/prawdajestciekawa.pl\/wp-content\/uploads\/2024\/01\/G.Gorczyca_1-932x1024.jpg 932w, https:\/\/prawdajestciekawa.pl\/wp-content\/uploads\/2024\/01\/G.Gorczyca_1-273x300.jpg 273w, https:\/\/prawdajestciekawa.pl\/wp-content\/uploads\/2024\/01\/G.Gorczyca_1-768x844.jpg 768w, https:\/\/prawdajestciekawa.pl\/wp-content\/uploads\/2024\/01\/G.Gorczyca_1-1399x1536.jpg 1399w, https:\/\/prawdajestciekawa.pl\/wp-content\/uploads\/2024\/01\/G.Gorczyca_1-450x494.jpg 450w, https:\/\/prawdajestciekawa.pl\/wp-content\/uploads\/2024\/01\/G.Gorczyca_1-600x659.jpg 600w, https:\/\/prawdajestciekawa.pl\/wp-content\/uploads\/2024\/01\/G.Gorczyca_1.jpg 1536w\" sizes=\"auto, (max-width: 750px) 100vw, 750px\" \/><\/div><a class=\"wp-block-latest-posts__post-title\" href=\"https:\/\/prawdajestciekawa.pl\/?p=918\">13 grudnia \u2013 rocznica wprowadzenia stanu wojennego<\/a><div class=\"wp-block-latest-posts__post-author\">przez Grzegorz Gorczyca<\/div><time datetime=\"2024-01-12T15:33:09+01:00\" class=\"wp-block-latest-posts__post-date\">2024-01-12<\/time><div class=\"wp-block-latest-posts__post-excerpt\">13 grudnia 2023 roku min\u0119\u0142a 42. rocznica wprowadzenia stanu wojennego. Wtedy, stoj\u0105cy na czele tzw. Wojskowej Rady Ocalenia Narodowego, Wojciech Jaruzelski og\u0142osi\u0142 wprowadzenie na terenie ca\u0142ego kraju stanu wojennego. W wyniku zastosowanych represji ze strony komunistycznych w\u0142adz \u015bmier\u0107 ponios\u0142o wiele os\u00f3b, a tysi\u0105ce dzia\u0142aczy NSZZ \u201eSolidarno\u015b\u0107\u201d zosta\u0142o internowanych. W nocnej operacji z 12 na 13&hellip; <a class=\"more-link\" href=\"https:\/\/prawdajestciekawa.pl\/?p=918\">Czytaj dalej <span class=\"screen-reader-text\">13 grudnia \u2013 rocznica wprowadzenia stanu wojennego<\/span><\/a><\/div><\/li>\n<li><div class=\"wp-block-latest-posts__featured-image\"><img loading=\"lazy\" decoding=\"async\" width=\"654\" height=\"436\" src=\"https:\/\/prawdajestciekawa.pl\/wp-content\/uploads\/2023\/12\/Przed-willa-Jaruzelskiego_Kornel_1.jpg\" class=\"attachment-large size-large wp-post-image\" alt=\"\" style=\"width:100%;height:66.67%;max-width:654px;\" srcset=\"https:\/\/prawdajestciekawa.pl\/wp-content\/uploads\/2023\/12\/Przed-willa-Jaruzelskiego_Kornel_1.jpg 654w, https:\/\/prawdajestciekawa.pl\/wp-content\/uploads\/2023\/12\/Przed-willa-Jaruzelskiego_Kornel_1-300x200.jpg 300w, https:\/\/prawdajestciekawa.pl\/wp-content\/uploads\/2023\/12\/Przed-willa-Jaruzelskiego_Kornel_1-450x300.jpg 450w, https:\/\/prawdajestciekawa.pl\/wp-content\/uploads\/2023\/12\/Przed-willa-Jaruzelskiego_Kornel_1-600x400.jpg 600w\" sizes=\"auto, (max-width: 654px) 100vw, 654px\" \/><\/div><a class=\"wp-block-latest-posts__post-title\" href=\"https:\/\/prawdajestciekawa.pl\/?p=871\">13 grudnia 10 lat temu<\/a><div class=\"wp-block-latest-posts__post-author\">przez Redakcja PJC<\/div><time datetime=\"2023-12-14T10:23:54+01:00\" class=\"wp-block-latest-posts__post-date\">2023-12-14<\/time><div class=\"wp-block-latest-posts__post-excerpt\">Wypowied\u017a Kornela Morawieckiego przed domem genera\u0142a Jaruzelskiego M\u00f3wimy \u201ezgin\u0105\u0142 za woln\u0105 Polsk\u0119\u201d. Ale stan wojenny by\u0142 nie tylko przeciwko wolnej Polsce, by\u0142 przeciwko Polsce solidarnej! Przeciwko naszej polskiej solidarno\u015bci! Chodzi o to, \u017ceby oni nie wygrali, \u017ceby wygra\u0142a solidarno\u015b\u0107. Wolno\u015b\u0107 w du\u017cym stopniu wywalczyli\u015bmy, ale solidarno\u015bci \u2013 tej co chcieli nam odebra\u0107 \u2013 bardzo nam&hellip; <a class=\"more-link\" href=\"https:\/\/prawdajestciekawa.pl\/?p=871\">Czytaj dalej <span class=\"screen-reader-text\">13 grudnia 10 lat temu<\/span><\/a><\/div><\/li>\n<li><div class=\"wp-block-latest-posts__featured-image\"><img loading=\"lazy\" decoding=\"async\" width=\"655\" height=\"443\" src=\"https:\/\/prawdajestciekawa.pl\/wp-content\/uploads\/2023\/12\/Wyszkowski-e1702545696905.jpg\" class=\"attachment-large size-large wp-post-image\" alt=\"\" style=\"width:100%;height:67.63%;max-width:655px;\" srcset=\"https:\/\/prawdajestciekawa.pl\/wp-content\/uploads\/2023\/12\/Wyszkowski-e1702545696905.jpg 655w, https:\/\/prawdajestciekawa.pl\/wp-content\/uploads\/2023\/12\/Wyszkowski-e1702545696905-300x203.jpg 300w, https:\/\/prawdajestciekawa.pl\/wp-content\/uploads\/2023\/12\/Wyszkowski-e1702545696905-450x304.jpg 450w, https:\/\/prawdajestciekawa.pl\/wp-content\/uploads\/2023\/12\/Wyszkowski-e1702545696905-600x406.jpg 600w\" sizes=\"auto, (max-width: 655px) 100vw, 655px\" \/><\/div><a class=\"wp-block-latest-posts__post-title\" href=\"https:\/\/prawdajestciekawa.pl\/?p=868\">Przesz\u0142o\u015b\u0107 i tera\u017aniejszo\u015b\u0107<\/a><div class=\"wp-block-latest-posts__post-author\">przez Marta Morawiecka<\/div><time datetime=\"2023-12-14T10:22:02+01:00\" class=\"wp-block-latest-posts__post-date\">2023-12-14<\/time><div class=\"wp-block-latest-posts__post-excerpt\">Krzysztof Wyszkowski, za\u0142o\u017cyciel Wolnych Zwi\u0105zk\u00f3w Zawodowych, wybitny dzia\u0142acz opozycyjny, publicysta, doradca premiera Jana Olszewskiego, cz\u0142onek Kolegium IPN, w rozmowie z Mart\u0105 Morawieck\u0105 Chcia\u0142abym si\u0119gn\u0105\u0107 troch\u0119 do historii. Bardzo prosz\u0119. Jest wrzesie\u0144 1976 roku, kiedy powstaje KOR. S\u0105 to dzia\u0142ania maj\u0105ce wspomaga\u0107 poszkodowanych i represjonowanych w wyniku protest\u00f3w w Ursusie i Radomiu w czerwcu 1976 roku.&hellip; <a class=\"more-link\" href=\"https:\/\/prawdajestciekawa.pl\/?p=868\">Czytaj dalej <span class=\"screen-reader-text\">Przesz\u0142o\u015b\u0107 i tera\u017aniejszo\u015b\u0107<\/span><\/a><\/div><\/li>\n<li><a class=\"wp-block-latest-posts__post-title\" href=\"https:\/\/prawdajestciekawa.pl\/?p=866\">WIDZIA\u0141EM WOJN\u0118 W IZRAELU<\/a><div class=\"wp-block-latest-posts__post-author\">przez Ryszard Czarnecki<\/div><time datetime=\"2023-12-14T10:19:20+01:00\" class=\"wp-block-latest-posts__post-date\">2023-12-14<\/time><div class=\"wp-block-latest-posts__post-excerpt\">W Izraelu by\u0142em ju\u017c szereg razy, w tym w samej Strefie Gazy go\u015bci\u0142em dwukrotnie. Dzi\u015b wiele si\u0119 zmieni\u0142o. Na lotnisku wywodz\u0105cego si\u0119 z Polski, pierwszego prezydenta Izraela Dawida Ben Guriona (ur. 16 pa\u017adziernika 1886 w P\u0142o\u0144sku), specjalny system bezpiecze\u0144stwa \u2013 przed przej\u015bciem kontroli paszportowej trzeba si\u0119 zarejestrowa\u0107 i pobra\u0107 na podstawie paszportu specjalny wydruk, kt\u00f3ry&hellip; <a class=\"more-link\" href=\"https:\/\/prawdajestciekawa.pl\/?p=866\">Czytaj dalej <span class=\"screen-reader-text\">WIDZIA\u0141EM WOJN\u0118 W IZRAELU<\/span><\/a><\/div><\/li>\n<li><a class=\"wp-block-latest-posts__post-title\" href=\"https:\/\/prawdajestciekawa.pl\/?p=864\">Raison d\u2019\u00c9tat (racja stanu) cz. 1<\/a><div class=\"wp-block-latest-posts__post-author\">przez Piotr Gaglik<\/div><time datetime=\"2023-12-14T10:17:47+01:00\" class=\"wp-block-latest-posts__post-date\">2023-12-14<\/time><div class=\"wp-block-latest-posts__post-excerpt\">Na wst\u0119pie musz\u0119 zmartwi\u0107 ateist\u00f3w i relatywist\u00f3w politycznych. Niew\u0105tpliwym propagatorem tego \u0142aci\u0144skiego (ratio status), ale bardziej znanego we francuskiej wersji \u2013 raison d\u2019\u00e9tat \u2013jest kard. Richelieu. Pierwotne, a niew\u0105tpliwie w\u0142a\u015bciwe rozumienie tego poj\u0119cia zawdzi\u0119czamy florentczykowi Niccol\u00f2 Machiavellemu. Dla Makiawela ochrona pa\u0144stwa i racjonalno\u015b\u0107 (pragmatyzm) post\u0119powania w\u0142adzy pa\u0144stwowej jest warto\u015bci\u0105 najwy\u017csz\u0105, niejako celem nadrz\u0119dnym. Tak te\u017c&hellip; <a class=\"more-link\" href=\"https:\/\/prawdajestciekawa.pl\/?p=864\">Czytaj dalej <span class=\"screen-reader-text\">Raison d\u2019\u00c9tat (racja stanu) cz. 1<\/span><\/a><\/div><\/li>\n<li><div class=\"wp-block-latest-posts__featured-image\"><img loading=\"lazy\" decoding=\"async\" width=\"434\" height=\"297\" src=\"https:\/\/prawdajestciekawa.pl\/wp-content\/uploads\/2023\/12\/K.Karon_okladka.jpg\" class=\"attachment-large size-large wp-post-image\" alt=\"\" style=\"width:100%;height:68.43%;max-width:434px;\" srcset=\"https:\/\/prawdajestciekawa.pl\/wp-content\/uploads\/2023\/12\/K.Karon_okladka.jpg 434w, https:\/\/prawdajestciekawa.pl\/wp-content\/uploads\/2023\/12\/K.Karon_okladka-300x205.jpg 300w\" sizes=\"auto, (max-width: 434px) 100vw, 434px\" \/><\/div><a class=\"wp-block-latest-posts__post-title\" href=\"https:\/\/prawdajestciekawa.pl\/?p=861\">Nie wystarczy \u201eprawda ci\u0119 wyzwoli\u201d<\/a><div class=\"wp-block-latest-posts__post-author\">przez Redakcja PJC<\/div><time datetime=\"2023-12-14T10:14:06+01:00\" class=\"wp-block-latest-posts__post-date\">2023-12-14<\/time><div class=\"wp-block-latest-posts__post-excerpt\">Krzysztof Karo\u0144 (03.02.1955 \u2013 22.04.2023) \u2013 publicysta, filozof, nauczyciel, autor cyklu wyk\u0142ad\u00f3w \u201eProgram Wiedzy Spo\u0142ecznej\u201d, kt\u00f3re spotka\u0142y si\u0119 z szerokim zainteresowaniem. Fragment jego ksi\u0105\u017cki Historia antykultury 1.0. Podstawy wiedzy spo\u0142ecznej, Warszawa 2019. Co robi\u0107? Celem tej ksi\u0105\u017cki jest przedstawienie perspektywy umo\u017cliwiaj\u0105cej zrozumienie najwa\u017cniejszych mechanizm\u00f3w \u017cycia spo\u0142ecznego, a nie proponowanie jakichkolwiek program\u00f3w dzia\u0142ania, wydaje si\u0119 jednak&hellip; <a class=\"more-link\" href=\"https:\/\/prawdajestciekawa.pl\/?p=861\">Czytaj dalej <span class=\"screen-reader-text\">Nie wystarczy \u201eprawda ci\u0119 wyzwoli\u201d<\/span><\/a><\/div><\/li>\n<li><div class=\"wp-block-latest-posts__featured-image\"><img loading=\"lazy\" decoding=\"async\" width=\"750\" height=\"500\" src=\"https:\/\/prawdajestciekawa.pl\/wp-content\/uploads\/2023\/12\/a6013da8-b259-4f8c-8339-9721054c35b4.jpg\" class=\"attachment-large size-large wp-post-image\" alt=\"\" style=\"width:100%;height:66.7%;max-width:1024px;\" srcset=\"https:\/\/prawdajestciekawa.pl\/wp-content\/uploads\/2023\/12\/a6013da8-b259-4f8c-8339-9721054c35b4.jpg 1024w, https:\/\/prawdajestciekawa.pl\/wp-content\/uploads\/2023\/12\/a6013da8-b259-4f8c-8339-9721054c35b4-300x200.jpg 300w, https:\/\/prawdajestciekawa.pl\/wp-content\/uploads\/2023\/12\/a6013da8-b259-4f8c-8339-9721054c35b4-768x512.jpg 768w, https:\/\/prawdajestciekawa.pl\/wp-content\/uploads\/2023\/12\/a6013da8-b259-4f8c-8339-9721054c35b4-450x300.jpg 450w, https:\/\/prawdajestciekawa.pl\/wp-content\/uploads\/2023\/12\/a6013da8-b259-4f8c-8339-9721054c35b4-600x400.jpg 600w\" sizes=\"auto, (max-width: 750px) 100vw, 750px\" \/><\/div><a class=\"wp-block-latest-posts__post-title\" href=\"https:\/\/prawdajestciekawa.pl\/?p=858\">Polska to wielka si\u0142a duchowa. To nie my j\u0105 wybieramy \u2013 to ona wybiera nas.<\/a><div class=\"wp-block-latest-posts__post-author\">przez Mateusz Morawiecki<\/div><time datetime=\"2023-12-14T10:12:02+01:00\" class=\"wp-block-latest-posts__post-date\">2023-12-14<\/time><div class=\"wp-block-latest-posts__post-excerpt\">Expos\u00e9 premiera Mateusza Morawieckiego Szanowny panie Prezydencie, panie marsza\u0142ku, Wysoka Izbo, drodzy rodacy, staj\u0119 dzi\u015b przed pa\u0144stwem z poczuciem dumy i odpowiedzialno\u015bci, z podniesionym czo\u0142em. To dla mnie zaszczyt, \u017ce po raz kolejny przysz\u0142o mi m\u00f3wi\u0107 o sprawach, kt\u00f3re s\u0105 dla nas wszystkich najwa\u017cniejsze. Mam na my\u015bli oczywi\u015bcie polskie sprawy \u2013 sprawy, kt\u00f3re powinny nas&hellip; <a class=\"more-link\" href=\"https:\/\/prawdajestciekawa.pl\/?p=858\">Czytaj dalej <span class=\"screen-reader-text\">Polska to wielka si\u0142a duchowa. To nie my j\u0105 wybieramy \u2013 to ona wybiera nas.<\/span><\/a><\/div><\/li>\n<li><div class=\"wp-block-latest-posts__featured-image\"><img loading=\"lazy\" decoding=\"async\" width=\"750\" height=\"563\" src=\"https:\/\/prawdajestciekawa.pl\/wp-content\/uploads\/2023\/12\/A.Adamski_Piotr_Mt-Garfield-w-tle-Franconia-Ridge-NH-1024x769.jpg\" class=\"attachment-large size-large wp-post-image\" alt=\"\" style=\"width:100%;height:75.08%;max-width:2560px;\" srcset=\"https:\/\/prawdajestciekawa.pl\/wp-content\/uploads\/2023\/12\/A.Adamski_Piotr_Mt-Garfield-w-tle-Franconia-Ridge-NH-1024x769.jpg 1024w, https:\/\/prawdajestciekawa.pl\/wp-content\/uploads\/2023\/12\/A.Adamski_Piotr_Mt-Garfield-w-tle-Franconia-Ridge-NH-300x225.jpg 300w, https:\/\/prawdajestciekawa.pl\/wp-content\/uploads\/2023\/12\/A.Adamski_Piotr_Mt-Garfield-w-tle-Franconia-Ridge-NH-768x577.jpg 768w, https:\/\/prawdajestciekawa.pl\/wp-content\/uploads\/2023\/12\/A.Adamski_Piotr_Mt-Garfield-w-tle-Franconia-Ridge-NH-1536x1153.jpg 1536w, https:\/\/prawdajestciekawa.pl\/wp-content\/uploads\/2023\/12\/A.Adamski_Piotr_Mt-Garfield-w-tle-Franconia-Ridge-NH-2048x1538.jpg 2048w, https:\/\/prawdajestciekawa.pl\/wp-content\/uploads\/2023\/12\/A.Adamski_Piotr_Mt-Garfield-w-tle-Franconia-Ridge-NH-1568x1177.jpg 1568w, https:\/\/prawdajestciekawa.pl\/wp-content\/uploads\/2023\/12\/A.Adamski_Piotr_Mt-Garfield-w-tle-Franconia-Ridge-NH-450x338.jpg 450w, https:\/\/prawdajestciekawa.pl\/wp-content\/uploads\/2023\/12\/A.Adamski_Piotr_Mt-Garfield-w-tle-Franconia-Ridge-NH-600x451.jpg 600w\" sizes=\"auto, (max-width: 750px) 100vw, 750px\" \/><\/div><a class=\"wp-block-latest-posts__post-title\" href=\"https:\/\/prawdajestciekawa.pl\/?p=855\">Nasz cz\u0142owiek na Appalachian Trail<\/a><div class=\"wp-block-latest-posts__post-author\">przez Artur Adamski<\/div><time datetime=\"2023-12-14T10:09:41+01:00\" class=\"wp-block-latest-posts__post-date\">2023-12-14<\/time><div class=\"wp-block-latest-posts__post-excerpt\">Jako licealista w 2008 roku Piotr Adamski zorganizowa\u0142 dziesi\u0119cioosobow\u0105 grup\u0119, kt\u00f3ra zwyci\u0119\u017cy\u0142a w grze miejskiej Solidarno\u015b\u0107 Walcz\u0105ca. Lektur\u0105 obowi\u0105zkow\u0105 ka\u017cdego z cz\u0142onk\u00f3w tej ekipy by\u0142 wywiad-rzeka z Kornelem Morawieckim. Rok p\u00f3\u017aniej zaj\u0105\u0142 wraz z ni\u0105 pierwsze miejsce w edycji po\u015bwi\u0119conej Mi\u0119dzyszkolnemu Komitetowi Oporu a w nast\u0119pnym \u2013 organizacji Wolno\u015b\u0107 i Niezawis\u0142o\u015b\u0107. Wygra\u0142 te\u017c w teleturnieju&hellip; <a class=\"more-link\" href=\"https:\/\/prawdajestciekawa.pl\/?p=855\">Czytaj dalej <span class=\"screen-reader-text\">Nasz cz\u0142owiek na Appalachian Trail<\/span><\/a><\/div><\/li>\n<li><div class=\"wp-block-latest-posts__featured-image\"><img loading=\"lazy\" decoding=\"async\" width=\"640\" height=\"480\" src=\"https:\/\/prawdajestciekawa.pl\/wp-content\/uploads\/2023\/12\/E.Wilkowski_Maria-i-Stanislaw-rotated.jpg\" class=\"attachment-large size-large wp-post-image\" alt=\"\" style=\"width:100%;height:75%;max-width:640px;\" srcset=\"https:\/\/prawdajestciekawa.pl\/wp-content\/uploads\/2023\/12\/E.Wilkowski_Maria-i-Stanislaw-rotated.jpg 640w, https:\/\/prawdajestciekawa.pl\/wp-content\/uploads\/2023\/12\/E.Wilkowski_Maria-i-Stanislaw-300x225.jpg 300w, https:\/\/prawdajestciekawa.pl\/wp-content\/uploads\/2023\/12\/E.Wilkowski_Maria-i-Stanislaw-450x338.jpg 450w, https:\/\/prawdajestciekawa.pl\/wp-content\/uploads\/2023\/12\/E.Wilkowski_Maria-i-Stanislaw-600x450.jpg 600w\" sizes=\"auto, (max-width: 640px) 100vw, 640px\" \/><\/div><a class=\"wp-block-latest-posts__post-title\" href=\"https:\/\/prawdajestciekawa.pl\/?p=874\">Metafizyczny sens mi\u0142o\u015bci w tomie Wiersze mi\u0142osne dla Marii Stanis\u0142awa Srokowskiego<\/a><div class=\"wp-block-latest-posts__post-author\">przez Prof. Eugeniusz Wilkowski<\/div><time datetime=\"2023-12-14T10:05:20+01:00\" class=\"wp-block-latest-posts__post-date\">2023-12-14<\/time><div class=\"wp-block-latest-posts__post-excerpt\">Stanis\u0142aw Srokowski wci\u0105\u017c zadziwia. I to na wielu obszarach. Trwa dyskurs o odczytywaniu Jego wizji nowego pojmowania j\u0119zyka poetyckiego, wszcz\u0119ty m.in. tomem Ciemne wzg\u00f3rza Arkadii. Mierzymy si\u0119 z demaskatorskim, ironicznym pi\u00f3rem kre\u015bl\u0105cym Dwie mi\u0142o\u015bci licealisty (2023), a tu stajemy przed potrzeb\u0105 odczytania poetyckiego studium o mi\u0142o\u015bci, zawartego w tomie Wiersze mi\u0142osne dla Marii (Wroc\u0142aw 2023).&hellip; <a class=\"more-link\" href=\"https:\/\/prawdajestciekawa.pl\/?p=874\">Czytaj dalej <span class=\"screen-reader-text\">Metafizyczny sens mi\u0142o\u015bci w tomie Wiersze mi\u0142osne dla Marii Stanis\u0142awa Srokowskiego<\/span><\/a><\/div><\/li>\n<li><div class=\"wp-block-latest-posts__featured-image\"><img loading=\"lazy\" decoding=\"async\" width=\"750\" height=\"530\" src=\"https:\/\/prawdajestciekawa.pl\/wp-content\/uploads\/2023\/12\/Stop-segregacji.-1-1024x724.jpg\" class=\"attachment-large size-large wp-post-image\" alt=\"\" style=\"width:100%;height:70.73%;max-width:1920px;\" srcset=\"https:\/\/prawdajestciekawa.pl\/wp-content\/uploads\/2023\/12\/Stop-segregacji.-1-1024x724.jpg 1024w, https:\/\/prawdajestciekawa.pl\/wp-content\/uploads\/2023\/12\/Stop-segregacji.-1-300x212.jpg 300w, https:\/\/prawdajestciekawa.pl\/wp-content\/uploads\/2023\/12\/Stop-segregacji.-1-768x543.jpg 768w, https:\/\/prawdajestciekawa.pl\/wp-content\/uploads\/2023\/12\/Stop-segregacji.-1-1536x1086.jpg 1536w, https:\/\/prawdajestciekawa.pl\/wp-content\/uploads\/2023\/12\/Stop-segregacji.-1-1568x1109.jpg 1568w, https:\/\/prawdajestciekawa.pl\/wp-content\/uploads\/2023\/12\/Stop-segregacji.-1-450x318.jpg 450w, https:\/\/prawdajestciekawa.pl\/wp-content\/uploads\/2023\/12\/Stop-segregacji.-1-600x424.jpg 600w, https:\/\/prawdajestciekawa.pl\/wp-content\/uploads\/2023\/12\/Stop-segregacji.-1.jpg 1920w\" sizes=\"auto, (max-width: 750px) 100vw, 750px\" \/><\/div><a class=\"wp-block-latest-posts__post-title\" href=\"https:\/\/prawdajestciekawa.pl\/?p=852\">Ekologia czy ekolichwa?<\/a><div class=\"wp-block-latest-posts__post-author\">przez Artur Waszkielewicz<\/div><time datetime=\"2023-12-14T10:03:19+01:00\" class=\"wp-block-latest-posts__post-date\">2023-12-14<\/time><div class=\"wp-block-latest-posts__post-excerpt\">Rozmowa Artura Waszkielewicza z Andrzejem St\u0119pkowskim, prezesem Stowarzyszenia na rzecz Obrony Praw Konsumenta i Obywatela \u201ePro Futuris\u201d Spotkali\u015bmy si\u0119 przed zamkni\u0119tymi drzwiami lokalu, w kt\u00f3rym odbywa\u0142y si\u0119 konsultacje spo\u0142eczne dotycz\u0105ce wprowadzenia we Wroc\u0142awiu strefy czystego transportu. Pana i mnie nie wpuszczono. Tak si\u0119 poznali\u015bmy. Prosz\u0119 opowiedzie\u0107 naszym czytelnikom o dzia\u0142alno\u015bci Stowarzyszenia. Czym si\u0119 zajmujecie? Nasze&hellip; <a class=\"more-link\" href=\"https:\/\/prawdajestciekawa.pl\/?p=852\">Czytaj dalej <span class=\"screen-reader-text\">Ekologia czy ekolichwa?<\/span><\/a><\/div><\/li>\n<li><div class=\"wp-block-latest-posts__featured-image\"><img loading=\"lazy\" decoding=\"async\" width=\"457\" height=\"1024\" src=\"https:\/\/prawdajestciekawa.pl\/wp-content\/uploads\/2023\/12\/M.Bober_2023.12.09_fota-457x1024.jpg\" class=\"attachment-large size-large wp-post-image\" alt=\"\" style=\"width:100%;height:109.74%;max-width:688px;\" srcset=\"https:\/\/prawdajestciekawa.pl\/wp-content\/uploads\/2023\/12\/M.Bober_2023.12.09_fota-457x1024.jpg 457w, https:\/\/prawdajestciekawa.pl\/wp-content\/uploads\/2023\/12\/M.Bober_2023.12.09_fota-686x1536.jpg 686w\" sizes=\"auto, (max-width: 457px) 100vw, 457px\" \/><\/div><a class=\"wp-block-latest-posts__post-title\" href=\"https:\/\/prawdajestciekawa.pl\/?p=849\">Propalesty\u0144ska fala zalewa Ameryk\u0119<\/a><div class=\"wp-block-latest-posts__post-author\">przez Marek Bober<\/div><time datetime=\"2023-12-14T10:01:36+01:00\" class=\"wp-block-latest-posts__post-date\">2023-12-14<\/time><div class=\"wp-block-latest-posts__post-excerpt\">Angelina Jolie, hollywoodzka aktorka, postanowi\u0142a odnie\u015b\u0107 si\u0119 do wydarze\u0144 na Bliskim Wschodzie. To tak\u017ce dzia\u0142aczka humanitarna, przez wiele lat specjalna wys\u0142anniczka Wysokiego Komisarza Narod\u00f3w Zjednoczonych ds. Uchod\u017ac\u00f3w (UNHRC). Generalnie aktorka ostro skrytykowa\u0142a Izrael za dzia\u0142ania wojskowe w strefie Gazy, podkre\u015blaj\u0105c liczb\u0119 ofiar \u015bmiertelnych i nazywaj\u0105c enklaw\u0119 \u201ewi\u0119zieniem na \u015bwie\u017cym powietrzu przez prawie dwie dekady\u201d. Ponadto&hellip; <a class=\"more-link\" href=\"https:\/\/prawdajestciekawa.pl\/?p=849\">Czytaj dalej <span class=\"screen-reader-text\">Propalesty\u0144ska fala zalewa Ameryk\u0119<\/span><\/a><\/div><\/li>\n<li><a class=\"wp-block-latest-posts__post-title\" href=\"https:\/\/prawdajestciekawa.pl\/?p=847\">Gospodarka zideologizowana<\/a><div class=\"wp-block-latest-posts__post-author\">przez Jerzy Pawlas<\/div><time datetime=\"2023-12-14T09:54:48+01:00\" class=\"wp-block-latest-posts__post-date\">2023-12-14<\/time><div class=\"wp-block-latest-posts__post-excerpt\">Wsp\u00f3lna waluta nie sprawdzi\u0142a si\u0119 w mniej rozwini\u0119tych krajach europejskich, cho\u0107 wzmocni\u0142a niemieck\u0105 gospodark\u0119. Polityka klimatyczna nie sta\u0142a si\u0119 ko\u0142em zamachowym unijnej gospodarki, lecz przys\u0142owiowym kamieniem m\u0142y\u0144skim, pozbawiaj\u0105cym j\u0105 konkurencyjno\u015bci. Nie bacz\u0105c na to, brukselokraci chc\u0105 upowszechnia\u0107 euro i rygoryzowa\u0107 zielony ob\u0142\u0119d. Zamiast swobodnego przep\u0142ywu os\u00f3b, towar\u00f3w, us\u0142ug i kapita\u0142u \u2013 ich protekcjonistyczne ograniczanie, nie&hellip; <a class=\"more-link\" href=\"https:\/\/prawdajestciekawa.pl\/?p=847\">Czytaj dalej <span class=\"screen-reader-text\">Gospodarka zideologizowana<\/span><\/a><\/div><\/li>\n<li><a class=\"wp-block-latest-posts__post-title\" href=\"https:\/\/prawdajestciekawa.pl\/?p=845\">Mi\u0119dzynarodowy kontekst wybor\u00f3w w Polsce<\/a><div class=\"wp-block-latest-posts__post-author\">przez Prof. Tadeusz Marczak<\/div><time datetime=\"2023-12-14T09:52:18+01:00\" class=\"wp-block-latest-posts__post-date\">2023-12-14<\/time><div class=\"wp-block-latest-posts__post-excerpt\">W miar\u0119 up\u0142ywu czasu coraz wyra\u017aniej wida\u0107 mi\u0119dzynarodowe znaczenie przeprowadzonych 15 pa\u017adziernika 2023 roku w Polsce wybor\u00f3w parlamentarnych. W \u015bwietle ostatnio pojawiaj\u0105cych si\u0119 znak\u00f3w, ostrzej tak\u017ce rysuje si\u0119 program, z jakim Donald Tusk zosta\u0142 odes\u0142any z Brukseli do Polski. A wi\u0119c, po pierwsze odsun\u0105\u0107 PiS od w\u0142adzy (znamienna wypowied\u017a\/zapowied\u017a Ursuli von der Leyen \u201eb\u0119dziesz premierem\u201d).&hellip; <a class=\"more-link\" href=\"https:\/\/prawdajestciekawa.pl\/?p=845\">Czytaj dalej <span class=\"screen-reader-text\">Mi\u0119dzynarodowy kontekst wybor\u00f3w w Polsce<\/span><\/a><\/div><\/li>\n<li><a class=\"wp-block-latest-posts__post-title\" href=\"https:\/\/prawdajestciekawa.pl\/?p=843\">List do mojego Premiera (Mateusza Morawieckiego)<\/a><div class=\"wp-block-latest-posts__post-author\">przez Redakcja PJC<\/div><time datetime=\"2023-12-14T09:47:05+01:00\" class=\"wp-block-latest-posts__post-date\">2023-12-14<\/time><div class=\"wp-block-latest-posts__post-excerpt\">Dzi\u0119kujemy za podwaliny pod rozw\u00f3j gospodarczy naszego kraju, prawie 38 milionowy nar\u00f3d w \u015brodku Europy zas\u0142uguje na to \u017ceby dogoni\u0107 swoich s\u0105siad\u00f3w z Europy Zachodniej. Pragn\u0119 podkre\u015bli\u0107, \u017ce to nie jest megalomania ani poczucie bycia \u201eponad\u201d, to normalne rozwija\u0107 swoj\u0105 ojczyzn\u0119, nasi ojcowie nie mieli takiej mo\u017cliwo\u015bci. Pana rz\u0105d by\u0142 pierwszym, kt\u00f3ry mia\u0142 konkretny pomys\u0142&hellip; <a class=\"more-link\" href=\"https:\/\/prawdajestciekawa.pl\/?p=843\">Czytaj dalej <span class=\"screen-reader-text\">List do mojego Premiera (Mateusza Morawieckiego)<\/span><\/a><\/div><\/li>\n<li><div class=\"wp-block-latest-posts__featured-image\"><img loading=\"lazy\" decoding=\"async\" width=\"750\" height=\"541\" src=\"https:\/\/prawdajestciekawa.pl\/wp-content\/uploads\/2023\/12\/P.Jaskolowski_O-Kaimie_fota4-1024x739.jpg\" class=\"attachment-large size-large wp-post-image\" alt=\"\" style=\"width:100%;height:72.23%;max-width:2560px;\" srcset=\"https:\/\/prawdajestciekawa.pl\/wp-content\/uploads\/2023\/12\/P.Jaskolowski_O-Kaimie_fota4-1024x739.jpg 1024w, https:\/\/prawdajestciekawa.pl\/wp-content\/uploads\/2023\/12\/P.Jaskolowski_O-Kaimie_fota4-300x217.jpg 300w, https:\/\/prawdajestciekawa.pl\/wp-content\/uploads\/2023\/12\/P.Jaskolowski_O-Kaimie_fota4-768x555.jpg 768w, https:\/\/prawdajestciekawa.pl\/wp-content\/uploads\/2023\/12\/P.Jaskolowski_O-Kaimie_fota4-1536x1109.jpg 1536w, https:\/\/prawdajestciekawa.pl\/wp-content\/uploads\/2023\/12\/P.Jaskolowski_O-Kaimie_fota4-2048x1479.jpg 2048w, https:\/\/prawdajestciekawa.pl\/wp-content\/uploads\/2023\/12\/P.Jaskolowski_O-Kaimie_fota4-1568x1132.jpg 1568w, https:\/\/prawdajestciekawa.pl\/wp-content\/uploads\/2023\/12\/P.Jaskolowski_O-Kaimie_fota4-450x325.jpg 450w, https:\/\/prawdajestciekawa.pl\/wp-content\/uploads\/2023\/12\/P.Jaskolowski_O-Kaimie_fota4-600x433.jpg 600w\" sizes=\"auto, (max-width: 750px) 100vw, 750px\" \/><\/div><a class=\"wp-block-latest-posts__post-title\" href=\"https:\/\/prawdajestciekawa.pl\/?p=839\">O Kaimie i Ablu w kontek\u015bcie I Wojny \u015awiatowej<\/a><div class=\"wp-block-latest-posts__post-author\">przez Przemys\u0142aw Jask\u00f3\u0142owski<\/div><time datetime=\"2023-12-14T09:45:05+01:00\" class=\"wp-block-latest-posts__post-date\">2023-12-14<\/time><div class=\"wp-block-latest-posts__post-excerpt\">W sobot\u0119 2 grudnia 2023 roku na Wzg\u00f3rzu Kaim odby\u0142a si\u0119 uroczysto\u015b\u0107 upami\u0119tniaj\u0105ca obron\u0119 Twierdzy Krak\u00f3w przed Rosjanami w grudniu 1914 roku. Wzi\u0119li w niej udzia\u0142 liczni przedstawiciele Korpusu Dyplomatycznego, Wojska Polskiego, organizacji spo\u0142ecznych z Polski i Austrii oraz mieszka\u0144cy Bie\u017canowa. Warto podsumowa\u0107 sobotni\u0105 uroczysto\u015b\u0107 na Wzg\u00f3rzu Kaim, kt\u00f3ra by\u0142a niezmiernie istotna w kontek\u015bcie dzia\u0142a\u0144&hellip; <a class=\"more-link\" href=\"https:\/\/prawdajestciekawa.pl\/?p=839\">Czytaj dalej <span class=\"screen-reader-text\">O Kaimie i Ablu w kontek\u015bcie I Wojny \u015awiatowej<\/span><\/a><\/div><\/li>\n<li><div class=\"wp-block-latest-posts__featured-image\"><img loading=\"lazy\" decoding=\"async\" width=\"750\" height=\"500\" src=\"https:\/\/prawdajestciekawa.pl\/wp-content\/uploads\/2023\/12\/MG_7983-1024x683.jpg\" class=\"attachment-large size-large wp-post-image\" alt=\"\" style=\"width:100%;height:66.68%;max-width:2560px;\" srcset=\"https:\/\/prawdajestciekawa.pl\/wp-content\/uploads\/2023\/12\/MG_7983-1024x683.jpg 1024w, https:\/\/prawdajestciekawa.pl\/wp-content\/uploads\/2023\/12\/MG_7983-300x200.jpg 300w, https:\/\/prawdajestciekawa.pl\/wp-content\/uploads\/2023\/12\/MG_7983-768x512.jpg 768w, https:\/\/prawdajestciekawa.pl\/wp-content\/uploads\/2023\/12\/MG_7983-1536x1024.jpg 1536w, https:\/\/prawdajestciekawa.pl\/wp-content\/uploads\/2023\/12\/MG_7983-2048x1365.jpg 2048w, https:\/\/prawdajestciekawa.pl\/wp-content\/uploads\/2023\/12\/MG_7983-1568x1045.jpg 1568w, https:\/\/prawdajestciekawa.pl\/wp-content\/uploads\/2023\/12\/MG_7983-450x300.jpg 450w, https:\/\/prawdajestciekawa.pl\/wp-content\/uploads\/2023\/12\/MG_7983-600x400.jpg 600w\" sizes=\"auto, (max-width: 750px) 100vw, 750px\" \/><\/div><a class=\"wp-block-latest-posts__post-title\" href=\"https:\/\/prawdajestciekawa.pl\/?p=837\">Polonez, fortepian i Polska<\/a><div class=\"wp-block-latest-posts__post-author\">przez Tomasz Bia\u0142aszczyk<\/div><time datetime=\"2023-12-14T09:35:22+01:00\" class=\"wp-block-latest-posts__post-date\">2023-12-14<\/time><div class=\"wp-block-latest-posts__post-excerpt\">Od opolskiego przeboju do Musicalu Narodowego We Wroc\u0142awiu odby\u0142a si\u0119 premiera niezwyk\u0142ego wydarzenia: Chopin 44 \u2013 musical narodowy. Muzyczne i literackie dzie\u0142o inspirowane muzyk\u0105 Fryderyka Chopina oraz polsk\u0105 histori\u0105. Tw\u00f3rc\u0105 tego spektaklu jest Wojciech Rohatyn Popkiewicz, kt\u00f3ry wraz z Janem Szurmiejem stworzyli widowisko wybitne. Opowiadaj\u0105ce dzieje polskich bohater\u00f3w od II Wojny \u015awiatowej do narodzin Solidarno\u015bci.&hellip; <a class=\"more-link\" href=\"https:\/\/prawdajestciekawa.pl\/?p=837\">Czytaj dalej <span class=\"screen-reader-text\">Polonez, fortepian i Polska<\/span><\/a><\/div><\/li>\n<li><a class=\"wp-block-latest-posts__post-title\" href=\"https:\/\/prawdajestciekawa.pl\/?p=835\">PRZEMIN\u0118\u0141O Z WIATREM<\/a><div class=\"wp-block-latest-posts__post-author\">przez Mieczys\u0142aw G\u00f3ra<\/div><time datetime=\"2023-12-14T09:33:28+01:00\" class=\"wp-block-latest-posts__post-date\">2023-12-14<\/time><div class=\"wp-block-latest-posts__post-excerpt\">Przemin\u0119\u0142o z wiatrem w\u0142a\u015bnieI nim \u015bwiat\u0142o ludziom zga\u015bnieCiesz\u0105 si\u0119 ju\u017c tym lobby\u015bci\u017be si\u0119 z\u0142oty sen im zi\u015bci Wiatry kr\u0119c\u0105 w polityceR\u00f3\u017cne sztuczki r\u00f3\u017ce wyceNie jest bajk\u0105 i nie mitemOsiem gwiazdek monolitem Wiedz\u0105 o tym wszyscy \u015bwi\u0119ciCo si\u0119 dzieje co si\u0119 kr\u0119ciDon Kichoci razem z namiDzielnie walcz\u0105 z wiatrakami Lepiej to ju\u017c kiedy\u015b by\u0142oCo\u015b min\u0119\u0142o co\u015b&hellip; <a class=\"more-link\" href=\"https:\/\/prawdajestciekawa.pl\/?p=835\">Czytaj dalej <span class=\"screen-reader-text\">PRZEMIN\u0118\u0141O Z WIATREM<\/span><\/a><\/div><\/li>\n<li><a class=\"wp-block-latest-posts__post-title\" href=\"https:\/\/prawdajestciekawa.pl\/?p=833\">\u201eWielko\u015b\u0107\u201d ks. J\u00f3zefa Tischnera<\/a><div class=\"wp-block-latest-posts__post-author\">przez Andrzej Manasterski<\/div><time datetime=\"2023-12-14T09:28:10+01:00\" class=\"wp-block-latest-posts__post-date\">2023-12-14<\/time><div class=\"wp-block-latest-posts__post-excerpt\">\u201eJe\u015bli chodzi o proces dekomunizacji, to zale\u017cy mi ju\u017c tylko na jednym \u2013 \u017ceby by\u0142o wiadomo, \u017ce ja jestem przeciw.\u201d S\u0142owa ks. J\u00f3zefa Tischnera u\u017cyte w wywiadzie dla tygodnika \u201eWprost\u201d musia\u0142y wielu szokowa\u0107. Wszak ks. Tischner w okresie lat 80. jawi\u0142 si\u0119 jako jeden z \u201eniez\u0142omnych\u201d zwi\u0105zanych z \u201eSolidarno\u015bci\u0105\u201d, kt\u00f3rzy wspierali s\u0142owem dzia\u0142aczy podziemia. Tymczasem&hellip; <a class=\"more-link\" href=\"https:\/\/prawdajestciekawa.pl\/?p=833\">Czytaj dalej <span class=\"screen-reader-text\">\u201eWielko\u015b\u0107\u201d ks. J\u00f3zefa Tischnera<\/span><\/a><\/div><\/li>\n<li><a class=\"wp-block-latest-posts__post-title\" href=\"https:\/\/prawdajestciekawa.pl\/?p=831\">Przekle\u0144stwo politycznego kaznodziejstwa<\/a><div class=\"wp-block-latest-posts__post-author\">przez Artur Waszkielewicz<\/div><time datetime=\"2023-12-14T09:26:29+01:00\" class=\"wp-block-latest-posts__post-date\">2023-12-14<\/time><div class=\"wp-block-latest-posts__post-excerpt\">Szcz\u0119\u015bliwo\u015b\u0107 zapanuje odt\u0105d w naszej krainie. Albowiem powiadam wam: zrobimy wszystko, aby z\u0142o si\u0119 nie odrodzi\u0142o, wyplenimy je do korzeni i zapanuje dobro, mi\u0142o\u015b\u0107 i demokracja\u2026 Czy\u017cbym si\u0119 zap\u0119dzi\u0142? Czy\u017c to nie przesada opowiada\u0107 o polityce kaznodziejskim j\u0119zykiem? Ale\u017c tak, to na pewno przesada. To pomieszanie porz\u0105dk\u00f3w. Ale to pomieszanie trwa od dawna. Polityka ma&hellip; <a class=\"more-link\" href=\"https:\/\/prawdajestciekawa.pl\/?p=831\">Czytaj dalej <span class=\"screen-reader-text\">Przekle\u0144stwo politycznego kaznodziejstwa<\/span><\/a><\/div><\/li>\n<li><div class=\"wp-block-latest-posts__featured-image\"><img loading=\"lazy\" decoding=\"async\" width=\"750\" height=\"559\" src=\"https:\/\/prawdajestciekawa.pl\/wp-content\/uploads\/2023\/12\/B.Stragierowicz_fotka_3.Kolednicy-Bukowina.jpg\" class=\"attachment-large size-large wp-post-image\" alt=\"\" style=\"width:100%;height:74.53%;max-width:750px;\" srcset=\"https:\/\/prawdajestciekawa.pl\/wp-content\/uploads\/2023\/12\/B.Stragierowicz_fotka_3.Kolednicy-Bukowina.jpg 750w, https:\/\/prawdajestciekawa.pl\/wp-content\/uploads\/2023\/12\/B.Stragierowicz_fotka_3.Kolednicy-Bukowina-300x224.jpg 300w, https:\/\/prawdajestciekawa.pl\/wp-content\/uploads\/2023\/12\/B.Stragierowicz_fotka_3.Kolednicy-Bukowina-450x335.jpg 450w, https:\/\/prawdajestciekawa.pl\/wp-content\/uploads\/2023\/12\/B.Stragierowicz_fotka_3.Kolednicy-Bukowina-600x447.jpg 600w\" sizes=\"auto, (max-width: 750px) 100vw, 750px\" \/><\/div><a class=\"wp-block-latest-posts__post-title\" href=\"https:\/\/prawdajestciekawa.pl\/?p=828\">Bo\u017conarodzeniowe tradycje \u2013 \u015bwi\u0105teczne drzewko i kol\u0119dowanie<\/a><div class=\"wp-block-latest-posts__post-author\">przez Beata Stragierowicz<\/div><time datetime=\"2023-12-14T09:25:24+01:00\" class=\"wp-block-latest-posts__post-date\">2023-12-14<\/time><div class=\"wp-block-latest-posts__post-excerpt\">Rozmaite tradycje bywaj\u0105 barwne i ciekawe, ale r\u00f3wnie\u017c bardzo wa\u017cne w budowaniu wsp\u00f3lnoty. \u015awi\u0105teczne drzewko nierozerwalnie wi\u0105\u017ce si\u0119 z Bo\u017cym Narodzeniem i w\u0142a\u015bnie dlatego s\u0105dzimy, \u017ce choinka od zawsze towarzyszy\u0142a grudniowym \u015bwi\u0119tom. Uroczyste obchody \u015bwi\u0105t Narodzenia Pa\u0144skiego w dniu 25 grudnia wprowadzono ok. 330 roku, wtedy \u2013 zgodnie z antyczn\u0105 tradycj\u0105, kt\u00f3ra nakazywa\u0142a aby podczas&hellip; <a class=\"more-link\" href=\"https:\/\/prawdajestciekawa.pl\/?p=828\">Czytaj dalej <span class=\"screen-reader-text\">Bo\u017conarodzeniowe tradycje \u2013 \u015bwi\u0105teczne drzewko i kol\u0119dowanie<\/span><\/a><\/div><\/li>\n<li><div class=\"wp-block-latest-posts__featured-image\"><img loading=\"lazy\" decoding=\"async\" width=\"350\" height=\"351\" src=\"https:\/\/prawdajestciekawa.pl\/wp-content\/uploads\/2023\/12\/0226d6c5-7d01-476e-a2d1-7af867add618.jpg\" class=\"attachment-large size-large wp-post-image\" alt=\"\" style=\"width:100%;height:100.29%;max-width:350px;\" srcset=\"https:\/\/prawdajestciekawa.pl\/wp-content\/uploads\/2023\/12\/0226d6c5-7d01-476e-a2d1-7af867add618.jpg 350w, https:\/\/prawdajestciekawa.pl\/wp-content\/uploads\/2023\/12\/0226d6c5-7d01-476e-a2d1-7af867add618-300x300.jpg 300w, https:\/\/prawdajestciekawa.pl\/wp-content\/uploads\/2023\/12\/0226d6c5-7d01-476e-a2d1-7af867add618-150x150.jpg 150w, https:\/\/prawdajestciekawa.pl\/wp-content\/uploads\/2023\/12\/0226d6c5-7d01-476e-a2d1-7af867add618-100x100.jpg 100w\" sizes=\"auto, (max-width: 350px) 100vw, 350px\" \/><\/div><a class=\"wp-block-latest-posts__post-title\" href=\"https:\/\/prawdajestciekawa.pl\/?p=825\">Powyborcze refleksje cz. 4<\/a><div class=\"wp-block-latest-posts__post-author\">przez Piotr Che\u0142stowski<\/div><time datetime=\"2023-12-14T09:22:42+01:00\" class=\"wp-block-latest-posts__post-date\">2023-12-14<\/time><div class=\"wp-block-latest-posts__post-excerpt\">Po og\u0142oszeniu wynik\u00f3w wybor\u00f3w zada\u0142em sobie takie samo pytanie, jakie zada\u0142a publicystka Ewa Pa\u0142kiewicz. Sk\u0105d u tak wielu Polak\u00f3w bior\u0105 si\u0119 trudno\u015bci z ocen\u0105 rzeczywisto\u015bci i dlaczego ludzie wol\u0105 przebywa\u0107 w rzeczywisto\u015bci urojonej? Podobnie uwa\u017cam, \u017ce je\u017celi za rzeczywisto\u015b\u0107 bierze si\u0119 tylko jej wycinek albo fa\u0142szywy obraz, to znaczy, \u017ce jeste\u015bmy zniewoleni, zamkni\u0119ci w wi\u0119zieniu,&hellip; <a class=\"more-link\" href=\"https:\/\/prawdajestciekawa.pl\/?p=825\">Czytaj dalej <span class=\"screen-reader-text\">Powyborcze refleksje cz. 4<\/span><\/a><\/div><\/li>\n<\/ul>","protected":false},"excerpt":{"rendered":"","protected":false},"author":1,"featured_media":821,"parent":619,"menu_order":0,"comment_status":"closed","ping_status":"closed","template":"","meta":{"footnotes":""},"class_list":["post-820","page","type-page","status-publish","has-post-thumbnail","hentry","entry"],"_links":{"self":[{"href":"https:\/\/prawdajestciekawa.pl\/index.php?rest_route=\/wp\/v2\/pages\/820","targetHints":{"allow":["GET"]}}],"collection":[{"href":"https:\/\/prawdajestciekawa.pl\/index.php?rest_route=\/wp\/v2\/pages"}],"about":[{"href":"https:\/\/prawdajestciekawa.pl\/index.php?rest_route=\/wp\/v2\/types\/page"}],"author":[{"embeddable":true,"href":"https:\/\/prawdajestciekawa.pl\/index.php?rest_route=\/wp\/v2\/users\/1"}],"replies":[{"embeddable":true,"href":"https:\/\/prawdajestciekawa.pl\/index.php?rest_route=%2Fwp%2Fv2%2Fcomments&post=820"}],"version-history":[{"count":3,"href":"https:\/\/prawdajestciekawa.pl\/index.php?rest_route=\/wp\/v2\/pages\/820\/revisions"}],"predecessor-version":[{"id":824,"href":"https:\/\/prawdajestciekawa.pl\/index.php?rest_route=\/wp\/v2\/pages\/820\/revisions\/824"}],"up":[{"embeddable":true,"href":"https:\/\/prawdajestciekawa.pl\/index.php?rest_route=\/wp\/v2\/pages\/619"}],"wp:featuredmedia":[{"embeddable":true,"href":"https:\/\/prawdajestciekawa.pl\/index.php?rest_route=\/wp\/v2\/media\/821"}],"wp:attachment":[{"href":"https:\/\/prawdajestciekawa.pl\/index.php?rest_route=%2Fwp%2Fv2%2Fmedia&parent=820"}],"curies":[{"name":"wp","href":"https:\/\/api.w.org\/{rel}","templated":true}]}}